{"id":3613,"date":"2021-08-16T16:05:40","date_gmt":"2021-08-16T14:05:40","guid":{"rendered":"https:\/\/www.villalaramalcesine.graffitiweb.srl\/?page_id=3613"},"modified":"2021-09-07T08:33:43","modified_gmt":"2021-09-07T06:33:43","slug":"camere","status":"publish","type":"page","link":"https:\/\/www.villalaramalcesine.it\/de\/camere\/","title":{"rendered":"Zimmer"},"content":{"rendered":"[vc_row full_width=&#8220;stretch_row&#8220; css=&#8220;.vc_custom_1626352787225{margin-top: -32px !important;padding-top: 1% !important;padding-bottom: 1% !important;background-color: #f2f2f2 !important;}&#8220;][vc_column width=&#8220;1\/2&#8243;]<h2 class=\"calluna-heading calluna-heading-single-line text-align-left \" ><span>Comfort<\/span><\/h2>[vc_column_text]<p class=\"teaser\" style=\"color:#444444; text-align:left;\">Die Zimmer verf\u00fcgen alle \u00fcber ein Bad mit Dusche, WC, F\u00f6n, Telefon, Heizung, Balkon Blick auf den See und Klimatisierung.<\/p>[\/vc_column_text][\/vc_column][vc_column width=&#8220;1\/2&#8243;]<h2 class=\"calluna-heading calluna-heading-single-line text-align-left \" ><span>Vista<\/span><\/h2>[vc_column_text]<p class=\"teaser\" style=\"color:#444444; text-align:left;\">Ihr Erwachen wird &#8222;begleitet. von einer wunderbaren Landschaft der D\u00e4mmerung von den Spitzen unserer Monte Baldo und seine Sonnenunterg\u00e4nge von einer Faszination steigt, die Poesie kennt somit wird bietet &#8222;einen umfassenden Blick auf den Gardasee.<\/p>[\/vc_column_text][\/vc_column][\/vc_row][vc_row full_width=&#8220;stretch_row&#8220; el_id=&#8220;rooms&#8220;][vc_column css=&#8220;.vc_custom_1442761233376{padding-bottom: 3% !important;}&#8220;][vc_empty_space height=&#8220;100px&#8220; el_class=&#8220;no-responsive&#8220;]\t\t\t<div class=\"calluna-room-grid calluna-grid calluna-clearfix classic\">\n\n                                            <div class=\"calluna-col calluna-count-1 calluna-col-3 fitvids\">\n                    <div class=\"room-image-wrapper\">\n                        <img decoding=\"async\" src=\"https:\/\/www.villalaramalcesine.it\/wp-content\/uploads\/2021\/07\/20200528_175411-1000x800.jpg\" alt=\"room-image\" \/>\n                                            <\/div>\n                    <div class=\"title\">\n                        <a href=\"https:\/\/www.villalaramalcesine.it\/de\/room\/vista-lago\/\" title=\"SEEBLICK\"><h3>SEEBLICK<\/h3><\/a>\n                    <\/div>\n                    <div class=\"excerpt\">\n                        <p>Ihr Erwachen wird &quot;begleitet. von einer wunderbaren Landschaft der D\u00e4mmerung von den Spitzen unserer Monte Baldo und seine Sonnenunterg\u00e4nge von einer Faszination steigt, die Poesie kennt somit wird bietet &quot;einen&hellip;<\/p>\n                    <\/div>\n                    <a href=\"https:\/\/www.villalaramalcesine.it\/de\/room\/vista-lago\/\" title=\"SEEBLICK\" class=\"calluna-button btn btn-primary mt35 style-1\">\n                        Einzelheiten                    <\/a>\n                <\/div>    \n                \n\t\t\t\t\n            \n\t\t\t                                <div class=\"calluna-col calluna-count-2 calluna-col-3 fitvids\">\n                    <div class=\"room-image-wrapper\">\n                        <img decoding=\"async\" src=\"https:\/\/www.villalaramalcesine.it\/wp-content\/uploads\/2015\/08\/baldo-camera-12-1000x800.jpg\" alt=\"room-image\" \/>\n                                            <\/div>\n                    <div class=\"title\">\n                        <a href=\"https:\/\/www.villalaramalcesine.it\/de\/room\/vista-montagna\/\" title=\"BLICK AUF DIE BERGE\"><h3>BLICK AUF DIE BERGE<\/h3><\/a>\n                    <\/div>\n                    <div class=\"excerpt\">\n                        <p>Ihr Erwachen wird &quot;begleitet. von einer wunderbaren Landschaft der D\u00e4mmerung von den Spitzen unserer Monte Baldo und seine Sonnenunterg\u00e4nge von einer Faszination steigt, die Poesie kennt somit wird bietet &quot;einen&hellip;<\/p>\n                    <\/div>\n                    <a href=\"https:\/\/www.villalaramalcesine.it\/de\/room\/vista-montagna\/\" title=\"BLICK AUF DIE BERGE\" class=\"calluna-button btn btn-primary mt35 style-1\">\n                        Einzelheiten                    <\/a>\n                <\/div>    \n                \n\t\t\t\t\n            \n\t\t\t                                <div class=\"calluna-col calluna-count-3 calluna-col-3 fitvids\">\n                    <div class=\"room-image-wrapper\">\n                        <img decoding=\"async\" src=\"https:\/\/www.villalaramalcesine.it\/wp-content\/uploads\/2015\/08\/DSC2240-1000x800.jpg\" alt=\"room-image\" \/>\n                                            <\/div>\n                    <div class=\"title\">\n                        <a href=\"https:\/\/www.villalaramalcesine.it\/de\/room\/dependace\/\" title=\"DEPENDACE\"><h3>DEPENDACE<\/h3><\/a>\n                    <\/div>\n                    <div class=\"excerpt\">\n                        <p>Ihr Erwachen wird &quot;begleitet. von einer wunderbaren Landschaft der D\u00e4mmerung von den Spitzen unserer Monte Baldo und seine Sonnenunterg\u00e4nge von einer Faszination steigt, die Poesie kennt somit wird bietet &quot;einen&hellip;<\/p>\n                    <\/div>\n                    <a href=\"https:\/\/www.villalaramalcesine.it\/de\/room\/dependace\/\" title=\"DEPENDACE\" class=\"calluna-button btn btn-primary mt35 style-1\">\n                        Einzelheiten                    <\/a>\n                <\/div>    \n                \n\t\t\t\t\n            \n\t\t\t                                <div class=\"calluna-col calluna-count-4 calluna-col-3 fitvids\">\n                    <div class=\"room-image-wrapper\">\n                        <img decoding=\"async\" src=\"https:\/\/www.villalaramalcesine.it\/wp-content\/uploads\/2026\/04\/WhatsApp-Image-2026-04-09-at-10.55.21-6-1000x800.jpeg\" alt=\"room-image\" \/>\n                                            <\/div>\n                    <div class=\"title\">\n                        <a href=\"https:\/\/www.villalaramalcesine.it\/de\/room\/fanny-living-apartments\/\" title=\"FANNY \u2013 Living Apartments\"><h3>FANNY \u2013 Living Apartments<\/h3><\/a>\n                    <\/div>\n                    <div class=\"excerpt\">\n                        <p>Erlebe Malcesine \u2013 See, Burg und unvergessliche Sonnenunterg\u00e4nge.<\/p>\n                    <\/div>\n                    <a href=\"https:\/\/www.villalaramalcesine.it\/de\/room\/fanny-living-apartments\/\" title=\"FANNY \u2013 Living Apartments\" class=\"calluna-button btn btn-primary mt35 style-1\">\n                        Einzelheiten                    <\/a>\n                <\/div>    \n                \n\t\t\t\t\n            \n\t\t\t\n\t\t\t<\/div>\n\n\t\t\t<div class=\"clearfix\"><\/div>\n\n\t\t    [\/vc_column][\/vc_row]\n","protected":false},"excerpt":{"rendered":"<p>[vc_row full_width=&#8220;stretch_row&#8220; css=&#8220;.vc_custom_1626352787225{margin-top: -32px !important;padding-top: 1% !important;padding-bottom: 1% !important;background-color: #f2f2f2 !important;}&#8220;][vc_column width=&#8220;1\/2&#8243;][vc_column_text][\/vc_column_text][\/vc_column][vc_column width=&#8220;1\/2&#8243;][vc_column_text][\/vc_column_text][\/vc_column][\/vc_row][vc_row full_width=&#8220;stretch_row&#8220; el_id=&#8220;rooms&#8220;][vc_column css=&#8220;.vc_custom_1442761233376{padding-bottom: 3% !important;}&#8220;][vc_empty_space height=&#8220;100px&#8220; el_class=&#8220;no-responsive&#8220;][\/vc_column][\/vc_row]<\/p>\n","protected":false},"author":1,"featured_media":0,"parent":0,"menu_order":0,"comment_status":"closed","ping_status":"closed","template":"","meta":{"footnotes":""},"class_list":["post-3613","page","type-page","status-publish","hentry"],"yoast_head":"<!-- This site is optimized with the Yoast SEO plugin v27.5 - https:\/\/yoast.com\/product\/yoast-seo-wordpress\/ -->\n<title>Zimmer - Villa Lara Malcesine<\/title>\n<meta name=\"robots\" content=\"index, follow, max-snippet:-1, max-image-preview:large, max-video-preview:-1\" \/>\n<link rel=\"canonical\" href=\"https:\/\/www.villalaramalcesine.it\/de\/camere\/\" \/>\n<meta property=\"og:locale\" content=\"de_DE\" \/>\n<meta property=\"og:type\" content=\"article\" \/>\n<meta property=\"og:title\" content=\"Zimmer - Villa Lara Malcesine\" \/>\n<meta property=\"og:description\" content=\"[vc_row full_width=&#8220;stretch_row&#8220; css=&#8220;.vc_custom_1626352787225{margin-top: -32px !important;padding-top: 1% !important;padding-bottom: 1% !important;background-color: #f2f2f2 !important;}&#8220;][vc_column width=&#8220;1\/2&#8243;][vc_column_text][\/vc_column_text][\/vc_column][vc_column width=&#8220;1\/2&#8243;][vc_column_text][\/vc_column_text][\/vc_column][\/vc_row][vc_row full_width=&#8220;stretch_row&#8220; el_id=&#8220;rooms&#8220;][vc_column css=&#8220;.vc_custom_1442761233376{padding-bottom: 3% !important;}&#8220;][vc_empty_space height=&#8220;100px&#8220; el_class=&#8220;no-responsive&#8220;][\/vc_column][\/vc_row]\" \/>\n<meta property=\"og:url\" content=\"https:\/\/www.villalaramalcesine.it\/de\/camere\/\" \/>\n<meta property=\"og:site_name\" content=\"Villa Lara Malcesine\" \/>\n<meta property=\"article:modified_time\" content=\"2021-09-07T06:33:43+00:00\" \/>\n<meta name=\"twitter:card\" content=\"summary_large_image\" \/>\n<meta name=\"twitter:label1\" content=\"Gesch\u00e4tzte Lesezeit\" \/>\n\t<meta name=\"twitter:data1\" content=\"1\u00a0Minute\" \/>\n<script type=\"application\/ld+json\" class=\"yoast-schema-graph\">{\"@context\":\"https:\\\/\\\/schema.org\",\"@graph\":[{\"@type\":\"WebPage\",\"@id\":\"https:\\\/\\\/www.villalaramalcesine.it\\\/de\\\/camere\\\/\",\"url\":\"https:\\\/\\\/www.villalaramalcesine.it\\\/de\\\/camere\\\/\",\"name\":\"Zimmer - Villa Lara Malcesine\",\"isPartOf\":{\"@id\":\"https:\\\/\\\/www.villalaramalcesine.it\\\/#website\"},\"datePublished\":\"2021-08-16T14:05:40+00:00\",\"dateModified\":\"2021-09-07T06:33:43+00:00\",\"breadcrumb\":{\"@id\":\"https:\\\/\\\/www.villalaramalcesine.it\\\/de\\\/camere\\\/#breadcrumb\"},\"inLanguage\":\"de\",\"potentialAction\":[{\"@type\":\"ReadAction\",\"target\":[\"https:\\\/\\\/www.villalaramalcesine.it\\\/de\\\/camere\\\/\"]}]},{\"@type\":\"BreadcrumbList\",\"@id\":\"https:\\\/\\\/www.villalaramalcesine.it\\\/de\\\/camere\\\/#breadcrumb\",\"itemListElement\":[{\"@type\":\"ListItem\",\"position\":1,\"name\":\"Home\",\"item\":\"https:\\\/\\\/www.villalaramalcesine.it\\\/de\\\/\"},{\"@type\":\"ListItem\",\"position\":2,\"name\":\"Zimmer\"}]},{\"@type\":\"WebSite\",\"@id\":\"https:\\\/\\\/www.villalaramalcesine.it\\\/#website\",\"url\":\"https:\\\/\\\/www.villalaramalcesine.it\\\/\",\"name\":\"Villa Lara Malcesine\",\"description\":\"La Fam. Benamati vi da\u2019 il benvenuto\",\"potentialAction\":[{\"@type\":\"SearchAction\",\"target\":{\"@type\":\"EntryPoint\",\"urlTemplate\":\"https:\\\/\\\/www.villalaramalcesine.it\\\/?s={search_term_string}\"},\"query-input\":{\"@type\":\"PropertyValueSpecification\",\"valueRequired\":true,\"valueName\":\"search_term_string\"}}],\"inLanguage\":\"de\"}]}<\/script>\n<!-- \/ Yoast SEO plugin. -->","yoast_head_json":{"title":"Zimmer - Villa Lara Malcesine","robots":{"index":"index","follow":"follow","max-snippet":"max-snippet:-1","max-image-preview":"max-image-preview:large","max-video-preview":"max-video-preview:-1"},"canonical":"https:\/\/www.villalaramalcesine.it\/de\/camere\/","og_locale":"de_DE","og_type":"article","og_title":"Zimmer - Villa Lara Malcesine","og_description":"[vc_row full_width=&#8220;stretch_row&#8220; css=&#8220;.vc_custom_1626352787225{margin-top: -32px !important;padding-top: 1% !important;padding-bottom: 1% !important;background-color: #f2f2f2 !important;}&#8220;][vc_column width=&#8220;1\/2&#8243;][vc_column_text][\/vc_column_text][\/vc_column][vc_column width=&#8220;1\/2&#8243;][vc_column_text][\/vc_column_text][\/vc_column][\/vc_row][vc_row full_width=&#8220;stretch_row&#8220; el_id=&#8220;rooms&#8220;][vc_column css=&#8220;.vc_custom_1442761233376{padding-bottom: 3% !important;}&#8220;][vc_empty_space height=&#8220;100px&#8220; el_class=&#8220;no-responsive&#8220;][\/vc_column][\/vc_row]","og_url":"https:\/\/www.villalaramalcesine.it\/de\/camere\/","og_site_name":"Villa Lara Malcesine","article_modified_time":"2021-09-07T06:33:43+00:00","twitter_card":"summary_large_image","twitter_misc":{"Gesch\u00e4tzte Lesezeit":"1\u00a0Minute"},"schema":{"@context":"https:\/\/schema.org","@graph":[{"@type":"WebPage","@id":"https:\/\/www.villalaramalcesine.it\/de\/camere\/","url":"https:\/\/www.villalaramalcesine.it\/de\/camere\/","name":"Zimmer - Villa Lara Malcesine","isPartOf":{"@id":"https:\/\/www.villalaramalcesine.it\/#website"},"datePublished":"2021-08-16T14:05:40+00:00","dateModified":"2021-09-07T06:33:43+00:00","breadcrumb":{"@id":"https:\/\/www.villalaramalcesine.it\/de\/camere\/#breadcrumb"},"inLanguage":"de","potentialAction":[{"@type":"ReadAction","target":["https:\/\/www.villalaramalcesine.it\/de\/camere\/"]}]},{"@type":"BreadcrumbList","@id":"https:\/\/www.villalaramalcesine.it\/de\/camere\/#breadcrumb","itemListElement":[{"@type":"ListItem","position":1,"name":"Home","item":"https:\/\/www.villalaramalcesine.it\/de\/"},{"@type":"ListItem","position":2,"name":"Zimmer"}]},{"@type":"WebSite","@id":"https:\/\/www.villalaramalcesine.it\/#website","url":"https:\/\/www.villalaramalcesine.it\/","name":"Villa Lara Malcesine","description":"La Fam. Benamati vi da\u2019 il benvenuto","potentialAction":[{"@type":"SearchAction","target":{"@type":"EntryPoint","urlTemplate":"https:\/\/www.villalaramalcesine.it\/?s={search_term_string}"},"query-input":{"@type":"PropertyValueSpecification","valueRequired":true,"valueName":"search_term_string"}}],"inLanguage":"de"}]}},"_links":{"self":[{"href":"https:\/\/www.villalaramalcesine.it\/de\/wp-json\/wp\/v2\/pages\/3613","targetHints":{"allow":["GET"]}}],"collection":[{"href":"https:\/\/www.villalaramalcesine.it\/de\/wp-json\/wp\/v2\/pages"}],"about":[{"href":"https:\/\/www.villalaramalcesine.it\/de\/wp-json\/wp\/v2\/types\/page"}],"author":[{"embeddable":true,"href":"https:\/\/www.villalaramalcesine.it\/de\/wp-json\/wp\/v2\/users\/1"}],"replies":[{"embeddable":true,"href":"https:\/\/www.villalaramalcesine.it\/de\/wp-json\/wp\/v2\/comments?post=3613"}],"version-history":[{"count":9,"href":"https:\/\/www.villalaramalcesine.it\/de\/wp-json\/wp\/v2\/pages\/3613\/revisions"}],"predecessor-version":[{"id":3807,"href":"https:\/\/www.villalaramalcesine.it\/de\/wp-json\/wp\/v2\/pages\/3613\/revisions\/3807"}],"wp:attachment":[{"href":"https:\/\/www.villalaramalcesine.it\/de\/wp-json\/wp\/v2\/media?parent=3613"}],"curies":[{"name":"wp","href":"https:\/\/api.w.org\/{rel}","templated":true}]}}